{"id":6493,"date":"2020-03-26T12:06:37","date_gmt":"2020-03-26T11:06:37","guid":{"rendered":"https:\/\/www.suezo.it\/?page_id=6493"},"modified":"2025-02-16T00:16:47","modified_gmt":"2025-02-15T23:16:47","slug":"itinerario-culturale-2017","status":"publish","type":"page","link":"https:\/\/www.suezo.it\/en\/itinerario-culturale\/itinerario-culturale-2017","title":{"rendered":"Itinerario culturale 2017"},"content":{"rendered":"<h3 class=\"anniprecedenti\"><a id=\"annoitinerario\" href=\"https:\/\/www.suezo.it\/itinerario-culturale\/itinerario-culturale-2017\"><img data-recalc-dims=\"1\" loading=\"lazy\" decoding=\"async\" class=\"alignnone size-full wp-image-6553\" src=\"https:\/\/i0.wp.com\/www.suezo.it\/wp-content\/uploads\/2020\/03\/ItinerarioCulturale2017_small_yellow.gif?resize=80%2C35&#038;ssl=1\" alt=\"Su e Zo per i Ponti - Itinerario Culturale 2017\" width=\"80\" height=\"35\" \/><\/a> <a id=\"annoitinerario\" href=\"https:\/\/www.suezo.it\/itinerario-culturale\/itinerario-culturale-2018\"><img data-recalc-dims=\"1\" loading=\"lazy\" decoding=\"async\" class=\"inattiva alignnone size-full wp-image-6555\" src=\"https:\/\/i0.wp.com\/www.suezo.it\/wp-content\/uploads\/2020\/03\/ItinerarioCulturale2018_small_blue.gif?resize=80%2C35&#038;ssl=1\" alt=\"Su e Zo per i Ponti - Itinerario Culturale 2018\" width=\"80\" height=\"35\" \/><img data-recalc-dims=\"1\" loading=\"lazy\" decoding=\"async\" class=\"attiva alignnone size-full wp-image-6555\" src=\"https:\/\/i0.wp.com\/www.suezo.it\/wp-content\/uploads\/2020\/03\/ItinerarioCulturale2018_small_yellow.gif?resize=80%2C35&#038;ssl=1\" alt=\"Su e Zo per i Ponti - Itinerario Culturale 2018\" width=\"80\" height=\"35\" \/><\/a> <a id=\"annoitinerario\" href=\"https:\/\/www.suezo.it\/itinerario-culturale\/itinerario-culturale-2019\"><img data-recalc-dims=\"1\" loading=\"lazy\" decoding=\"async\" class=\"inattiva alignnone size-full wp-image-6558\" src=\"https:\/\/i0.wp.com\/www.suezo.it\/wp-content\/uploads\/2020\/03\/ItinerarioCulturale2019_small_blue.gif?resize=80%2C35&#038;ssl=1\" alt=\"Su e Zo per i Ponti - Itinerario Culturale 2019\" width=\"80\" height=\"35\" \/><img data-recalc-dims=\"1\" loading=\"lazy\" decoding=\"async\" class=\"attiva alignnone size-full wp-image-6558\" src=\"https:\/\/i0.wp.com\/www.suezo.it\/wp-content\/uploads\/2020\/03\/ItinerarioCulturale2019_small_yellow.gif?resize=80%2C35&#038;ssl=1\" alt=\"Su e Zo per i Ponti - Itinerario Culturale 2019\" width=\"80\" height=\"35\" \/><\/a> <a id=\"annoitinerario\" href=\"https:\/\/www.suezo.it\/itinerario-culturale\/itinerario-culturale-2022\"><img data-recalc-dims=\"1\" loading=\"lazy\" decoding=\"async\" class=\"inattiva alignnone size-full wp-image-6559\" src=\"https:\/\/i0.wp.com\/www.suezo.it\/wp-content\/uploads\/2022\/04\/ItinerarioCulturale2022_small_blue.gif?resize=80%2C35&#038;ssl=1\" alt=\"Su e Zo per i Ponti - Itinerario Culturale 2022\" width=\"80\" height=\"35\" \/><img data-recalc-dims=\"1\" loading=\"lazy\" decoding=\"async\" class=\"attiva alignnone size-full wp-image-6559\" src=\"https:\/\/i0.wp.com\/www.suezo.it\/wp-content\/uploads\/2022\/04\/ItinerarioCulturale2022_small_yellow.gif?resize=80%2C35&#038;ssl=1\" alt=\"Su e Zo per i Ponti - Itinerario Culturale 2022\" width=\"80\" height=\"35\" \/><\/a> <a id=\"annoitinerario\" href=\"https:\/\/www.suezo.it\/itinerario-culturale\/itinerario-culturale-2023\"><img data-recalc-dims=\"1\" loading=\"lazy\" decoding=\"async\" class=\"inattiva alignnone size-full wp-image-6558\" src=\"https:\/\/i0.wp.com\/www.suezo.it\/wp-content\/uploads\/2023\/03\/ItinerarioCulturale2023_small_blue.gif?resize=80%2C35&#038;ssl=1\" alt=\"Su e Zo per i Ponti - Itinerario Culturale 2023\" width=\"80\" height=\"35\" \/><img data-recalc-dims=\"1\" loading=\"lazy\" decoding=\"async\" class=\"attiva alignnone size-full wp-image-6558\" src=\"https:\/\/i0.wp.com\/www.suezo.it\/wp-content\/uploads\/2023\/03\/ItinerarioCulturale2023_small_yellow.gif?resize=80%2C35&#038;ssl=1\" alt=\"Su e Zo per i Ponti - Itinerario Culturale 2023\" width=\"80\" height=\"35\" \/><\/a> <a id=\"annoitinerario\" href=\"https:\/\/www.suezo.it\/itinerario-culturale\/itinerario-culturale-2024\"><img data-recalc-dims=\"1\" loading=\"lazy\" decoding=\"async\" class=\"inattiva alignnone size-full wp-image-6558\" src=\"https:\/\/i0.wp.com\/www.suezo.it\/wp-content\/uploads\/2024\/03\/ItinerarioCulturale2024_small_blue.gif?resize=80%2C35&#038;ssl=1\" alt=\"Su e Zo per i Ponti - Itinerario Culturale 2024\" width=\"80\" height=\"35\" \/><img data-recalc-dims=\"1\" loading=\"lazy\" decoding=\"async\" class=\"attiva alignnone size-full wp-image-6558\" src=\"https:\/\/i0.wp.com\/www.suezo.it\/wp-content\/uploads\/2024\/03\/ItinerarioCulturale2024_small_yellow.gif?resize=80%2C35&#038;ssl=1\" alt=\"Su e Zo per i Ponti - Itinerario Culturale 2024\" width=\"80\" height=\"35\" \/><\/a> <a id=\"annoitinerario\" href=\"https:\/\/www.suezo.it\/itinerario-culturale\"><img data-recalc-dims=\"1\" loading=\"lazy\" decoding=\"async\" class=\"inattiva alignnone size-full wp-image-6559\" src=\"https:\/\/i0.wp.com\/www.suezo.it\/wp-content\/uploads\/2025\/02\/ItinerarioCulturale2025_small_blue.gif?resize=80%2C35&#038;ssl=1\" alt=\"Su e Zo per i Ponti - Itinerario Culturale 2025\" width=\"80\" height=\"35\" \/><img data-recalc-dims=\"1\" loading=\"lazy\" decoding=\"async\" class=\"attiva alignnone size-full wp-image-6559\" src=\"https:\/\/i0.wp.com\/www.suezo.it\/wp-content\/uploads\/2025\/02\/ItinerarioCulturale2025_small_yellow.gif?resize=80%2C35&#038;ssl=1\" alt=\"Su e Zo per i Ponti - Itinerario Culturale 2025\" width=\"80\" height=\"35\" \/><\/a><\/h3>\n<h1>Itinerario culturale &#8220;Su e Zo per i Ponti&#8221; 2017<br \/>\nDeviazioni di percorso<\/h1>\n<p><em>a cura del Servizio Turismo Sostenibile della Citt\u00e0 di Venezia<br \/>\n<\/em><em><a href=\"#introduzione\">Introduzione<\/a> &#8211; <a href=\"#mappa\">Mappa<\/a> &#8211; <a href=\"#punti-di-interesse\">Punti di interesse<\/a><\/em><\/p>\n<p>Il 2017 \u00e8 l\u2019<strong>Anno Internazionale del Turismo Sostenibile per lo Sviluppo<\/strong>, dichiarato dall\u2019assemblea dell\u2019Organizzazione delle Nazioni Unite (ONU), e da quest\u2019anno la passeggiata di solidariet\u00e0 <em>Su e Zo per i Ponti<\/em> si trasforma in un evento sempre pi\u00f9 attento a questo tema, particolarmente sentito a Venezia.<\/p>\n<p>Il Servizio Turismo Sostenibile della Citt\u00e0 di Venezia propone, come iniziativa speciale della passeggiata, non un tour, ma un vero e proprio <em>detour<\/em> in tutti i sestieri della Citt\u00e0 storica, che esce dalle rotte ordinarie e si perde lontano dalla folla, alla ricerca di alcuni dei luoghi meno conosciuti ma pi\u00f9 vivi e autentici, come le <a href=\"#sinagoghe-ghetto\">sinagoghe del Ghetto<\/a>, il <a href=\"#museo-musica\">Museo della Musica a Palazzo Pisani<\/a>, o il <a href=\"#palazzo-soranzo-cappello\">Giardino di Palazzo Soranzo Cappello<\/a>.<\/p>\n<p>\u201cAndare in giro per calli e campi, senza un itinerario stabilito, \u00e8 forse il pi\u00f9 bel piacere che a Venezia uno possa prendersi\u201d scriveva il poeta Diego Valeri nella sua <em>Guida sentimentale di Venezia<\/em>. Infatti anche chi non vi ha mai messo piede, conosce i luoghi che rendono celebre la citt\u00e0 di Venezia in tutto il mondo: Piazza San Marco, il ponte di Rialto, il Canal Grande. Ma <strong>Venezia \u00e8 anche altro<\/strong>. Ci sono intere zone della citt\u00e0 storica tutte da esplorare, <strong>lontano dai luoghi obbligati dalla tradizione<\/strong>, dove ogni angolo nasconde meraviglie. Il miglior modo per conoscere Venezia \u00e8 proprio <strong>perdersi in calli, corti e campi<\/strong>, visitare palazzi, chiese e musei meno noti che nascondono gioielli sconosciuti, esplorare la citt\u00e0 con lentezza, meglio se a bordo di un&#8217;imbarcazione a remi tradizionale come la gondola, la batela o il sandolo, oppure a piedi, per poterla <strong>guardare con gli occhi di chi ci vive<\/strong>. Avrete cos\u00ec la fortuna di guardare la citt\u00e0 da un punto di vista meno convenzionale, pi\u00f9 intimo, autentico e originale.<\/p>\n<p><strong>Detourism<\/strong> \u00e8 la campagna di sensibilizzazione della Citt\u00e0 di Venezia per promuovere un modello di turismo sostenibile e consapevole. Suggerisce ai viaggiatori <strong>itinerari fuori dall&#8217;ordinario<\/strong> alla ricerca di una Venezia inedita e intende offrire spunti per <strong>ridurre l&#8217;impatto sulla citt\u00e0 e i suoi abitanti,<\/strong> buoni consigli e semplici <strong>raccomandazioni pratiche per vivere al meglio la citt\u00e0<\/strong>.<\/p>\n<p><em><strong>Tutti gli itinerari di #Detourism<\/strong> per scoprire una Venezia diversa fanno parte della <strong>campagna di sensibilizzazione #EnjoyRespectVenezia<\/strong>, promossa dalla Citt\u00e0 di Venezia per orientare i visitatori verso l&#8217;adozione di comportamenti consapevoli e rispettosi del patrimonio culturale e naturale di Venezia, sito UNESCO bene di tutta l&#8217;umanit\u00e0.<\/em><\/p>\n<p class=\"datimuseo\">Servizio Turismo Sostenibile della Citt\u00e0 di Venezia:<br \/>\n<a href=\"http:\/\/www.comune.venezia.it\/it\/EnjoyRespectVenezia\" target=\"_blank\" rel=\"noopener\">www.comune.venezia.it\/it\/EnjoyRespectVenezia<\/a><br \/>\n<a href=\"http:\/\/www.veneziaunica.it\/it\/content\/detourism-venezia\" target=\"_blank\" rel=\"noopener\">www.veneziaunica.it\/it\/content\/detourism-venezia<\/a><br \/>\n<a href=\"mailto:turismosostenibile@comune.venezia.it\">turismosostenibile@comune.venezia.it<\/a><br \/>\nFacebook: <a href=\"https:\/\/it-it.facebook.com\/DetourismVeneziaOfficial\/\" target=\"_blank\" rel=\"noopener\">@DetourismVeneziaOfficial<\/a><br \/>\nInstagram: <a href=\"https:\/\/www.instagram.com\/detourismvenezia\/\" target=\"_blank\" rel=\"noopener\">@Detourismvenezia<\/a><br \/>\nTwitter: <a href=\"https:\/\/twitter.com\/detourismvenice\" target=\"_blank\" rel=\"noopener\">@DetourismVenice<\/a><\/p>\n<h1><a id=\"mappa\"><\/a>Mappa<\/h1>\n<p><em><a href=\"#introduzione\">Introduzione<\/a> &#8211; <a href=\"#mappa\">Mappa<\/a> &#8211; <a href=\"#punti-di-interesse\">Punti di interesse<\/a><\/em><\/p>\n<p><iframe loading=\"lazy\" src=\"https:\/\/www.google.com\/maps\/d\/u\/0\/embed?mid=1O5MMNoKhfxOjTLRoBTP4JqS7F6cyW5E8\" width=\"700\" height=\"480\"><\/iframe><\/p>\n<h1><a id=\"punti-di-interesse\"><\/a>Punti di interesse<\/h1>\n<p><em><a href=\"#introduzione\">Introduzione<\/a> &#8211; <a href=\"#mappa\">Mappa<\/a> &#8211; <a href=\"#punti-di-interesse\">Punti di interesse<\/a><\/em><\/p>\n<p><strong><a id=\"scuola-dalmata\" href=\"https:\/\/i0.wp.com\/www.suezo.it\/wp-content\/uploads\/2020\/03\/Suezo2017_Itinerario_Culturale_ScuolaDalmata.jpg?ssl=1\"><img data-recalc-dims=\"1\" loading=\"lazy\" decoding=\"async\" class=\"alignleft size-thumbnail wp-image-6530\" src=\"https:\/\/i0.wp.com\/www.suezo.it\/wp-content\/uploads\/2020\/03\/Suezo2017_Itinerario_Culturale_ScuolaDalmata.jpg?resize=255%2C255&#038;ssl=1\" alt=\"Suezo2017 - Itinerario Culturale: Scuola Dalmata dei SS. Giorgio e Trifone a Venezia\" width=\"255\" height=\"255\" srcset=\"https:\/\/i0.wp.com\/www.suezo.it\/wp-content\/uploads\/2020\/03\/Suezo2017_Itinerario_Culturale_ScuolaDalmata.jpg?resize=255%2C255&amp;ssl=1 255w, https:\/\/i0.wp.com\/www.suezo.it\/wp-content\/uploads\/2020\/03\/Suezo2017_Itinerario_Culturale_ScuolaDalmata.jpg?zoom=2&amp;resize=255%2C255&amp;ssl=1 510w\" sizes=\"(max-width: 255px) 100vw, 255px\" \/><\/a>LA SCUOLA DALMATA DEI SS. GIORGIO E TRIFONE<\/strong><\/p>\n<p>Ai tempi della Serenissima esistevano in citt\u00e0 numerose confraternite devozionali e assistenziali, amministrate da laici sotto il vigile controllo delle magistrature veneziane, chiamate <strong>Scuole Grandi (o maggiori) e Piccole (o minori)<\/strong>. Ogni Scuola, in particolare quelle Grandi, aveva il suo edificio dove si raccoglievano i confratelli, luoghi che ancora oggi custodiscono straordinari patrimoni storici e artistici. Le Scuole Grandi furono cos\u00ec chiamate perch\u00e9 disponevano di<strong> grandi capitali, sedi sontuose, sfarzosi apparati per le manifestazioni cittadine<\/strong>; sono quattro quelle tuttora esistenti: <a href=\"#scuola-carmini\" target=\"_blank\" rel=\"noopener\">Carmini<\/a>, San Giovanni Evangelista, San Rocco, San Teodoro. Assai pi\u00f9 numerose erano le Scuole minori, che furono per lo pi\u00f9 confraternite associate ad una corporazione artigiana o commerciale, sorte per difendere comuni interessi professionali e sociali. Tutti i mestieri erano rappresentati: i <em>Botteri<\/em>, coloro che facevano botti; <em>Curameri<\/em>, coloro che lavoravano il cuoio; <em>Forneri<\/em>, che facevano il pane; <em>Frutaroli<\/em>, <em>Pistori<\/em> e molti altri.<br \/>\nAlcune Scuole erano poi luoghi di raccordo di comunit\u00e0 straniere in citt\u00e0: ad esempio le Scuole dei Milanesi, Lucchesi, Albanesi, Tedeschi, Fiorentini. Le stesse sinagoghe erano chiamate Scuole a dimostrazione del loro ruolo non solo religioso e spirituale.<\/p>\n<p>La <strong>Scuola Dalmata di San Giorgio e Trifone, detta anche San Giorgio degli Schiavoni<\/strong>, \u00e8 una di queste Scuole dei <em>foresti<\/em>, fondata con l\u2019intento di riunire i cittadini di origine dalmata residenti a Venezia. Tra le uniche confraternite religiose ancora vive e operanti in citt\u00e0, la Scuola ha origine nel 1451 &#8211; a seguito della conquista della Dalmazia da parte dei veneziani \u2013 <strong>istituita come confraternita di mutuo soccorso di marinai, soldati ed emigrati<\/strong> appartenenti alla comunit\u00e0 degli Schiavoni, termine con cui all\u2019epoca si indicavano appunto gli abitanti delle isole dalmate.<br \/>\nNella sala al pianterreno della Scuola \u00e8 custodito uno dei pi\u00f9 straordinari cicli pittorici del primo Rinascimento veneziano eseguito da <strong>Vittore Carpaccio<\/strong> agli inizi del Cinquecento, che raffigura le storie di Giorgio, Trifone e Gerolamo, i tre santi protettori della confraternita. La tela con la Visione di Sant&#8217;Agostino \u00e8 sicuramente la pi\u00f9 celebre della serie ed \u00e8 legata alla storia di San Girolamo, che apparve ad Agostino per avvertirlo della sua morte imminente e ascesa in cielo.<\/p>\n<p>La sede della scuola fu rinnovata nel 1551, quando la facciata venne rivestita in pietra d\u2019Istria e fu realizzato il bassorilievo con San Giorgio per il portale. Proprio sopra l\u2019altar maggiore, \u00e8 conservata una preziosa <strong>reliquia di San Giorgio<\/strong>. La Scuola Dalmata fu una delle rare istituzioni religiose che, in deroga al decreto delle soppressioni napoleoniche delle Scuole veneziane, riusc\u00ec a mantenere intatto e in loco il proprio patrimonio artistico.<\/p>\n<p class=\"datimuseo\"><strong>Indirizzo:<\/strong> Scuola Dalmata di San Giorgio e Trifone, calle dei Furlani, Castello 3259\/A<br \/>\n<strong>Telefono:<\/strong> 041 5228828<br \/>\n<strong>Sito web:<\/strong> <a href=\"https:\/\/www.scuoladalmatavenezia.com\/\" target=\"_blank\" rel=\"noopener\">www.scuoladalmatavenezia.com<\/a><\/p>\n<hr \/>\n<p><strong><a id=\"sinagoghe-ghetto\" href=\"https:\/\/i0.wp.com\/www.suezo.it\/wp-content\/uploads\/2020\/03\/Suezo2017_Itinerario_Culturale_Campo_Ghetto_Novo.jpg?ssl=1\"><img data-recalc-dims=\"1\" loading=\"lazy\" decoding=\"async\" class=\"alignleft size-thumbnail wp-image-6531\" src=\"https:\/\/i0.wp.com\/www.suezo.it\/wp-content\/uploads\/2020\/03\/Suezo2017_Itinerario_Culturale_Campo_Ghetto_Novo.jpg?resize=255%2C255&#038;ssl=1\" alt=\"Suezo2017 - Itinerario Culturale: Campo del Ghetto Novo con le sinagoghe\" width=\"255\" height=\"255\" srcset=\"https:\/\/i0.wp.com\/www.suezo.it\/wp-content\/uploads\/2020\/03\/Suezo2017_Itinerario_Culturale_Campo_Ghetto_Novo.jpg?resize=255%2C255&amp;ssl=1 255w, https:\/\/i0.wp.com\/www.suezo.it\/wp-content\/uploads\/2020\/03\/Suezo2017_Itinerario_Culturale_Campo_Ghetto_Novo.jpg?zoom=2&amp;resize=255%2C255&amp;ssl=1 510w, https:\/\/i0.wp.com\/www.suezo.it\/wp-content\/uploads\/2020\/03\/Suezo2017_Itinerario_Culturale_Campo_Ghetto_Novo.jpg?zoom=3&amp;resize=255%2C255&amp;ssl=1 765w\" sizes=\"(max-width: 255px) 100vw, 255px\" \/><\/a>LE SINAGOGHE DEL GHETTO<\/strong><\/p>\n<p>Il Ghetto di Venezia &#8211; il primo in Italia con oltre 500 anni di storia &#8211; con le sue <strong>cinque sinagoghe, il Museo Ebraico e le altissime case-torri<\/strong>, \u00e8 oggi un vivo e frequentato rione della citt\u00e0: l\u2019antica comunit\u00e0 ebraica veneziana \u00e8 ancora molto presente e conta circa 500 persone. Per quasi tre secoli, dal 1516 al 1797, il Ghetto era un\u2019area della citt\u00e0 chiusa e gli ebrei non potevano abitare al di fuori dei suoi confini. Robusti portoni chiudevano i due ingressi del Campo del Ghetto Nuovo e ogni sera gli abitanti dovevano rientrare e rimanere rinchiusi fino al mattino successivo. Con la caduta della Repubblica e l&#8217;avvento di Napoleone furono eliminate le discriminazioni nei confronti degli ebrei. Le porte del Ghetto furono rimosse cos\u00ec come l&#8217;obbligo di residenza. Oggi si accede al Ghetto attraverso tre ponti, ma in passato ve ne erano solo due: quello che conduce al rio della Misericordia non esisteva. Negli stipiti in pietra del sottoportico che conduce al Ghetto Vecchio rimangono ancora i segni dove si trovavano i cardini delle porte che venivano richiuse al tramonto.<\/p>\n<p>Il 1938, anno di promulgazione delle leggi razziali fasciste, vide gli ebrei privati dei diritti civili e l&#8217;inizio delle persecuzioni nazi-fasciste che a Venezia port\u00f2 alla deportazione di 246 ebrei veneziani: di questi solo 8 fecero ritorno dai campi di sterminio.<\/p>\n<p>Difficilmente riconoscibili dall&#8217;esterno, le cinque sinagoghe, <strong>sorprendenti spazi sorti su edifici preesistenti che tuttora le custodiscono<\/strong>, sono considerate tra le pi\u00f9 belle d&#8217;Europa per i loro interni riccamente decorati, e sono ancora oggi luoghi di incontro della comunit\u00e0 ebraica veneziana. Le sinagoghe, o Scole, furono fondate tra la prima met\u00e0 del Cinquecento e la met\u00e0 del Seicento per iniziativa dei vari gruppi etnici che popolavano il Ghetto: nacquero cos\u00ec le <strong>Scole ashkenazite Tedesca e Canton, la Scola Italiana, le Scole sefardite Levantina e Spagnola<\/strong>. Rimaste intatte nel tempo, malgrado alcuni interventi posteriori, queste sinagoghe testimoniano il valore del Ghetto di Venezia.<\/p>\n<p class=\"datimuseo\"><strong>Indirizzo:<\/strong> Museo Ebraico di Venezia, Campo del Ghetto Novo 2902\\b, Cannaregio<br \/>\n<strong>Sito web:<\/strong> <a href=\"http:\/\/www.museoebraico.it\/\" target=\"_blank\" rel=\"noopener\">www.museoebraico.it<\/a><br \/>\n<strong>Telefono:<\/strong> 041 715359<\/p>\n<hr \/>\n<p><strong><a id=\"giardino-carmelitani\" href=\"https:\/\/i0.wp.com\/www.suezo.it\/wp-content\/uploads\/2020\/03\/Suezo2017_Itinerario_Culturale_giardino_mistico_carmelitani_scalzi.jpg?ssl=1\"><img data-recalc-dims=\"1\" loading=\"lazy\" decoding=\"async\" class=\"alignleft size-thumbnail wp-image-6512\" src=\"https:\/\/i0.wp.com\/www.suezo.it\/wp-content\/uploads\/2020\/03\/Suezo2017_Itinerario_Culturale_giardino_mistico_carmelitani_scalzi.jpg?resize=255%2C255&#038;ssl=1\" alt=\"Suezo2017 - Itinerario Culturale: il Giardino Mistico dei Carmelitani Scalzi a Venezia\" width=\"255\" height=\"255\" \/><\/a>IL GIARDINO MISTICO DEI FRATI CARMELITANI SCALZI<\/strong><\/p>\n<p>Poco distante dalla stazione dei treni, si staglia la bianca facciata in marmo di Carrara \u2013 unica sul Canal Grande \u2013 della chiesa che prende il nome dall\u2019ordine dei frati Carmelitani Scalzi, dedicata a Santa Maria di Nazareth, uno dei pi\u00f9 mirabili esempi del barocco veneziano. Qui, oltre alla chiesa e al convento, si trova <strong>un antico <em>brolo<\/em>, un orto-giardino protetto da alte mura<\/strong>, risalente alla met\u00e0 del Seicento, ridimensionato nell\u2019Ottocento dall\u2019insediamento della stazione ferroviaria, che conserva l\u2019aspetto tipico dei giardini dei palazzi nobiliari veneziani e dei broli di tradizione monastica.<\/p>\n<p>Nel brolo, riportato all\u2019antico splendore di recente, \u00e8 custodito il Giardino Mistico, un orto spirituale dove si \u00e8 scelto di recuperare quelle essenze floreali dal profondo valore simbolico-religioso proprie dell\u2019habitat veneziano. Un vero e proprio scrigno verde a salvaguardia della biodiversit\u00e0 della citt\u00e0 lagunare, dove, tra le diverse coltivazioni, rivivono anche <strong>le pi\u00f9 antiche viti della Serenissima<\/strong> in un vigneto ottenuto dal materiale genetico prelevato e riprodotto dalle variet\u00e0 presenti da centinaia di anni all&#8217;interno della laguna di Venezia. L\u2019orto-giardino \u00e8 formato da <strong>sette aiuole contornate da quattordici coltivazioni<\/strong>; le aiuole sono sette come le dimore del Castello Interiore di Santa Teresa d\u2019Avila, fondatrice dell\u2019Ordine Carmelitano: il prato verde, l\u2019orto delle erbe officinali, l\u2019orto alimentare, il vigneto, il frutteto dei gusti perduti, l\u2019orto del Getsemani con gli ulivi e il bosco.<\/p>\n<p>Tra le erbe medicinali del Giardino, si coltiva ancora oggi <strong>una particolare variet\u00e0 di melissa<\/strong>, pianta da cui i padri Carmelitani sin dal 1710 ottengono un preparato erboristico noto in tutto il mondo, l\u2019Acqua di Melissa, le cui virt\u00f9 sono menzionate anche da Carlo Goldoni nella sua commedia pi\u00f9 famosa, La locandiera. Su prenotazione, il Giardino Mistico \u00e8 aperto alle visite, con tour accompagnati da guide.<\/p>\n<p class=\"datimuseo\"><strong>Indirizzo:<\/strong> Giardino Mistico dei Carmelitani Scalzi, Cannaregio, 54 (entrata lato ferrovia)<br \/>\n<strong>Visite:<\/strong> in inverno il giardino resta chiuso; nelle altre stagioni \u00e8 necessario telefonare per prenotare<br \/>\n<strong>Telefono:<\/strong> +39 348 7728430<br \/>\n<strong>Sito web:<\/strong> <a href=\"http:\/\/www.giardinomistico.it\/blog\/\" target=\"_blank\" rel=\"noopener\">www.giardinomistico.it<\/a><\/p>\n<hr \/>\n<p><strong><a id=\"palazzo-soranzo-cappello\" href=\"https:\/\/i0.wp.com\/www.suezo.it\/wp-content\/uploads\/2020\/03\/Suezo2017_Itinerario_Culturale_Palazzo_Soranzo_Cappello.jpg?ssl=1\"><img data-recalc-dims=\"1\" loading=\"lazy\" decoding=\"async\" class=\"alignleft size-thumbnail wp-image-6528\" src=\"https:\/\/i0.wp.com\/www.suezo.it\/wp-content\/uploads\/2020\/03\/Suezo2017_Itinerario_Culturale_Palazzo_Soranzo_Cappello.jpg?resize=255%2C255&#038;ssl=1\" alt=\"Suezo2017 - Itinerario Culturale: Palazzo Soranzo Cappello a Venezia\" width=\"255\" height=\"255\" srcset=\"https:\/\/i0.wp.com\/www.suezo.it\/wp-content\/uploads\/2020\/03\/Suezo2017_Itinerario_Culturale_Palazzo_Soranzo_Cappello.jpg?resize=255%2C255&amp;ssl=1 255w, https:\/\/i0.wp.com\/www.suezo.it\/wp-content\/uploads\/2020\/03\/Suezo2017_Itinerario_Culturale_Palazzo_Soranzo_Cappello.jpg?zoom=2&amp;resize=255%2C255&amp;ssl=1 510w, https:\/\/i0.wp.com\/www.suezo.it\/wp-content\/uploads\/2020\/03\/Suezo2017_Itinerario_Culturale_Palazzo_Soranzo_Cappello.jpg?zoom=3&amp;resize=255%2C255&amp;ssl=1 765w\" sizes=\"(max-width: 255px) 100vw, 255px\" \/><\/a>IL GIARDINO DI PALAZZO SORANZO CAPPELLO<\/strong><\/p>\n<p>Palazzo Soranzo Cappello, affacciato su Fondamenta Rio Marin, \u00e8 l\u2019attuale <strong>sede della Soprintendenza Archeologia Belle Arti e Paesaggio<\/strong> per l\u2019area metropolitana di Venezia e le province di Belluno, Padova e Treviso. L\u2019edificio, di antica origine, fu rinnovato tra la fine del Cinquecento e gli inizi del Seicento per volere della famiglia Bragadin, e in seguito acquistato da Lorenzo Soranzo, procuratore di San Marco, che a partire dal 1625 diede impulso a nuovi interventi di abbellimento della dimora, sia nella decorazione della facciata che nell\u2019aggiunta degli arredi architettonici e scultorei del giardino.<\/p>\n<p><strong>Il giardino, nascosto agli occhi del visitatore dalla facciata del palazzo, \u00e8 uno tra i pi\u00f9 rinomati di Venezia.<\/strong> Si ritrovano alcune descrizioni del giardino nelle fonti letterarie ottocentesche, in particolare nelle pagine del romanzo<em> Il Fuoco<\/em> di Gabriele d\u2019Annunzio, in cui il giardino dei Soranzo \u00e8 il luogo degli incontri d\u2019amore tra Stelio e Foscarina, e nel racconto <em>Il carteggio Aspern<\/em> di Henry James, che ambienta proprio in questo palazzo la tormentata ricerca del carteggio del poeta Jeffrey Aspern. La pi\u00f9 antica testimonianza dell&#8217;attuale assetto del giardino \u00e8 documentata dall&#8217;<strong>incisione del 1709 di Vincenzo Coronelli<\/strong>, nella quale sono ancora riconoscibili il cortile d&#8217;ingresso, scandito da nicchie con statue, i due gruppi scultorei al centro del passaggio tra corte e giardino e il giardino vero e proprio, caratterizzato da un viale centrale cadenzato da statue su piedistallo e, ai due lati, da ampi parterre de broderie.<\/p>\n<p>L&#8217;assetto attuale \u00e8 frutto di un accurato restauro, compiuto in seguito all&#8217;acquisizione del complesso da parte del Ministero per i Beni e le Attivit\u00e0 Culturali. <strong>La corte monumentale ha tre lati scanditi da edicole a nicchia con le statue di Giulio Cesare e dei primi undici<\/strong> imperatori romani, alludenti alla magnificenza del casato dei Soranzo. Tra la corte e il giardino, due gruppi scultorei raffiguranti il Ratto delle Sabine o, secondo un&#8217;altra interpretazione, le Fatiche di Ercole. Fondale del giardino \u00e8 una loggia a otto colonne con timpano triangolare, sormontato da statue allegoriche.<strong> I tracciati d&#8217;erba suddividono l&#8217;intero spazio attraverso la realizzazione di quattro prati<\/strong>, riprendendo la partitura illustrata da Coronelli. L&#8217;area degli ex-orti, posta a nord est, \u00e8 divisa in due parti da un pergolato. Una pi\u00f9 prossima alla fondamenta, il prato fiorito, ed una all&#8217;interno, il prato dei frutti.<\/p>\n<p class=\"datimuseo\"><strong>Indirizzo:<\/strong> Palazzo Soranzo Cappello, Fondamenta Rio Marin, Santa Croce 770<br \/>\n<strong>Telefono:<\/strong> +39 041 2574011<br \/>\n<strong>Sito web:<\/strong> <a href=\"https:\/\/soprintendenza.pdve.beniculturali.it\/soprintendenza\/sede-di-venezia\/palazzo-soranzo-cappello-e-il-suo-giardino\/\" target=\"_blank\" rel=\"noopener\">soprintendenza.pdve.beniculturali.it<\/a><br \/>\n<strong>Orari di apertura:<\/strong> Il giardino \u00e8 aperto al pubblico in occasione di eventi, esposizioni temporanee e visite guidate, oppure durante l\u2019orario d\u2019ufficio della Soprintendenza, inviando una richiesta preventiva di autorizzazione con le modalit\u00e0 indicate nel sito.<\/p>\n<hr \/>\n<p><strong><a id=\"fontana-san-giacomo\" href=\"https:\/\/i0.wp.com\/www.suezo.it\/wp-content\/uploads\/2020\/03\/Suezo2017_Itinerario_Culturale_fontana_campo_San_Giacomo.jpg?ssl=1\"><img data-recalc-dims=\"1\" loading=\"lazy\" decoding=\"async\" class=\"alignleft size-thumbnail wp-image-6515\" src=\"https:\/\/i0.wp.com\/www.suezo.it\/wp-content\/uploads\/2020\/03\/Suezo2017_Itinerario_Culturale_fontana_campo_San_Giacomo.jpg?resize=255%2C255&#038;ssl=1\" alt=\"Suezo2017 - Itinerario Culturale: la fontana di Campo San Giacomo de l'Orio\" width=\"255\" height=\"255\" \/><\/a>LA FONTANA DI CAMPO SAN GIACOMO DA L\u2019ORIO<\/strong><\/p>\n<p>Forse non tutti sanno che <strong>l&#8217;acqua delle fontane di Venezia \u00e8 buona, sempre fresca, sicura e gratuita.<\/strong> Perch\u00e9 non approfittarne? L&#8217;acqua potabile di Venezia \u00e8 tra le migliori d&#8217;Italia, attentamente controllata e sicura. Cercate la fontanella pi\u00f9 vicina dove potrete <strong>riempire una borraccia riutilizzabile tutte le volte che vorrete<\/strong>, come la fontanella in Campo San Giacomo da l&#8217;Orio. Bere l&#8217;acqua delle fontane di Venezia significa risparmiare e, soprattutto, dare un aiuto concreto alla sostenibilit\u00e0: contribuirete a ridurre i rifiuti, l&#8217;inquinamento e lo spreco di risorse dovuti a produzione-trasporto-smaltimento delle bottiglie di acqua minerale. Anche al bar o al ristorante, \u00e8 sempre meglio preferire l&#8217;acqua del rubinetto all&#8217;acqua in bottiglia: \u00e8 pi\u00f9 economica, non deve essere trasportata e non produce rifiuti da smaltire, cos\u00ec si riducono gli sprechi di bottiglie di plastica e, insieme, anche la costosissima raccolta dei rifiuti, che a Venezia deve essere fatta a mano porta a porta.<\/p>\n<p><strong>Aiutateci a mantenere la citt\u00e0 pulita: usate i cestini, non gettate a terra o in acqua mozziconi di sigaretta, gomme da masticare, carte e altri rifiuti.<\/strong> Monumenti, scalinate delle chiese, ponti, pozzi, rive dei canali non sono aree pic-nic. Per una sosta, ci sono i giardini pubblici, come i Giardini di Castello, la Pineta di Sant&#8217;Elena, i Giardini Papadopoli e i Giardini Savorgnan. Tenete presente che <strong>sono previste sanzioni per chi consuma cibi o bevande seduto a terra in Piazza San Marco e nell&#8217;area circostante<\/strong>. Anche nella propria stanza d&#8217;hotel \u00e8 possibile cercare di ridurre il proprio impatto sull&#8217;ambiente: non sprecate acqua inutilmente; accendete le luci, l&#8217;aria condizionata o il riscaldamento solo quando servono. Se alloggiate in appartamento, fate la raccolta differenziata, lasciate i sacchetti in strada tra le 6 e le 8 di mattina, nei giorni previsti.<\/p>\n<p class=\"datimuseo\"><strong>Indirizzo:<\/strong> Campo San Giacomo da l\u2019Orio<br \/>\n<strong>Sito web:<\/strong> <a href=\"http:\/\/www.veneziaunica.it\/it\/content\/eco-galateo-venezia\">www.veneziaunica.it\/it\/content\/eco-galateo-venezia<\/a><\/p>\n<hr \/>\n<p><strong><a id=\"palazzetto-bru-zane\" href=\"https:\/\/i0.wp.com\/www.suezo.it\/wp-content\/uploads\/2020\/03\/Suezo2017_Itinerario_Culturale_Palazzetto_Bru_Zane.jpg?ssl=1\"><img data-recalc-dims=\"1\" loading=\"lazy\" decoding=\"async\" class=\"alignleft size-thumbnail wp-image-6526\" src=\"https:\/\/i0.wp.com\/www.suezo.it\/wp-content\/uploads\/2020\/03\/Suezo2017_Itinerario_Culturale_Palazzetto_Bru_Zane.jpg?resize=255%2C255&#038;ssl=1\" alt=\"Suezo2017 - Itinerario Culturale: Palazzetto Bru Zane a Venezia\" width=\"255\" height=\"255\" srcset=\"https:\/\/i0.wp.com\/www.suezo.it\/wp-content\/uploads\/2020\/03\/Suezo2017_Itinerario_Culturale_Palazzetto_Bru_Zane.jpg?resize=255%2C255&amp;ssl=1 255w, https:\/\/i0.wp.com\/www.suezo.it\/wp-content\/uploads\/2020\/03\/Suezo2017_Itinerario_Culturale_Palazzetto_Bru_Zane.jpg?zoom=2&amp;resize=255%2C255&amp;ssl=1 510w, https:\/\/i0.wp.com\/www.suezo.it\/wp-content\/uploads\/2020\/03\/Suezo2017_Itinerario_Culturale_Palazzetto_Bru_Zane.jpg?zoom=3&amp;resize=255%2C255&amp;ssl=1 765w\" sizes=\"(max-width: 255px) 100vw, 255px\" \/><\/a>PALAZZETTO BRU ZANE<\/strong><\/p>\n<p><strong>Piccolo gioiello dell\u2019architettura veneziana di fine Seicento<\/strong>, il Palazzetto Bru Zane, nei pressi della Scuola Grande San Giovanni Evangelista, \u00e8 dal 2009 sede del <em>Centre de musique romantique fran\u00e7aise<\/em>, dedicato alla riscoperta e alla diffusione della musica romantica francese. La Fondazione Bru, presieduta da Nicole Bru, dopo un importante restauro, ha recuperato quello che era il Casino Zane, uno degli innumerevoli \u201cridotti\u201d, luoghi di ritrovo preferiti dai veneziani del Settecento, restituendolo alla sua originaria vocazione di luogo deputato alle arti e alla musica.<\/p>\n<p>Oggi aperto al pubblico in occasione di concerti, conferenze ed eventi per le famiglie, il palazzetto fu <strong>costruito nel 1695 da Domenico Zane su progetto di Antonio Gaspari<\/strong>, allievo di Baldassarre Longhena, architetto del Barocco veneziano che realizz\u00f2 la Basilica della Salute, Ca&#8217; Pesaro e Ca&#8217; Rezzonico. Gli interni sono splendidamente decorati dagli affreschi di Sebastiano Ricci e dagli stucchi di Abbondio Stazio. Alla bottega del bellunese <strong>Andrea Brustolon<\/strong> spetta invece la balaustra di legno che si affaccia sulla sala da ballo. Un intimo giardino introduce al palazzo facendo immergere i visitatori in un&#8217;atmosfera romantica.<\/p>\n<p>Tutti i gioved\u00ec pomeriggio<strong> \u00e8 possibile visitare gratuitamente la piccola sala concerti e gli altri preziosi spazi del Palazzetto Bru Zane<\/strong>, accompagnati da una guida, in italiano, francese e inglese.<\/p>\n<p class=\"datimuseo\"><strong>Indirizzo:<\/strong> Palazzetto Bru Zane &#8211; Centre de musique romantique fran\u00e7aise, San Polo, Campiello del Forner 2368, 30125 Venezia<br \/>\n<strong>Telefono:<\/strong> 041 5211005<br \/>\n<strong>Sito web:<\/strong> <a href=\"http:\/\/www.bru-zane.com\">www.bru-zane.com<\/a><\/p>\n<hr \/>\n<p><strong><a id=\"casa-goldoni\" href=\"https:\/\/i0.wp.com\/www.suezo.it\/wp-content\/uploads\/2020\/03\/Suezo2017_Itinerario_Culturale_Casa_goldoni_cortile.jpg?ssl=1\"><img data-recalc-dims=\"1\" loading=\"lazy\" decoding=\"async\" class=\"alignleft size-thumbnail wp-image-6520\" src=\"https:\/\/i0.wp.com\/www.suezo.it\/wp-content\/uploads\/2020\/03\/Suezo2017_Itinerario_Culturale_Casa_goldoni_cortile.jpg?resize=255%2C255&#038;ssl=1\" alt=\"Suezo2017 - Itinerario Culturale: Casa Goldoni, il cortile\" width=\"255\" height=\"255\" srcset=\"https:\/\/i0.wp.com\/www.suezo.it\/wp-content\/uploads\/2020\/03\/Suezo2017_Itinerario_Culturale_Casa_goldoni_cortile.jpg?resize=255%2C255&amp;ssl=1 255w, https:\/\/i0.wp.com\/www.suezo.it\/wp-content\/uploads\/2020\/03\/Suezo2017_Itinerario_Culturale_Casa_goldoni_cortile.jpg?zoom=2&amp;resize=255%2C255&amp;ssl=1 510w, https:\/\/i0.wp.com\/www.suezo.it\/wp-content\/uploads\/2020\/03\/Suezo2017_Itinerario_Culturale_Casa_goldoni_cortile.jpg?zoom=3&amp;resize=255%2C255&amp;ssl=1 765w\" sizes=\"(max-width: 255px) 100vw, 255px\" \/><\/a>CASA DI CARLO GOLDONI<\/strong><\/p>\n<p><em>\u201cSono nato a Venezia, nel 1707, in una grande e bella casa, situata tra il ponte dei Nomboli e quello della Donna onesta, all\u2019angolo della calle di Ca\u2019 Centanni, nella parrocchia di San Tom\u00e0\u201d<\/em>: cos\u00ec l\u2019ottantenne Carlo Goldoni, ormai a Parigi da venticinque anni, ricorda la sua casa natale a Venezia, in apertura dei M\u00e9moires. <strong>Ca\u2019 Centani, o Centanni, meglio conosciuta come la \u201cCasa di Carlo Goldoni\u201d<\/strong>, fu eretta nel XV secolo. Si tratta di un tipico palazzo gotico di non eccessiva dimensione, ma che presenta ancora oggi, nonostante le svariate ristrutturazioni, l\u2019impianto e gli elementi tipici dell\u2019architettura civile veneziana tra la fine XIV e l\u2019esordio del XV secolo.<\/p>\n<p>Propriet\u00e0 della famiglia Rizzi (sul pozzo presente nella corte si pu\u00f2 vedere scolpito <strong>un riccio che spicca nell\u2019insegna di famiglia<\/strong>), il palazzo fu affittato ai Zentani o Centani, da cui prese la futura denominazione, ospitando anche una fiorente Accademia artistico-letteraria. Verso la fine del \u2019600 vi si stabil\u00ec il nonno paterno di Carlo Goldoni, Carlo Alessandro, notaio di origine modenese. La famiglia Goldoni rimase in questa casa, in cui Carlo nacque il 25 febbraio 1707, fino al 1719.<\/p>\n<p>Nel 1914 Aldo Rav\u00e0, insigne studioso del \u2019700 veneziano, il conte Piero Foscari e il commendatore Antonio Pellegrini acquistarono il palazzo dall\u2019ultima proprietaria, la contessa Ida Manassero Camozzo. L\u2019idea era quella di trasformarlo in una struttura museale da dedicare, in nome del grande commediografo, a tutta l\u2019arte drammatica italiana, ma il progetto si ferm\u00f2 a causa della guerra. Nel 1931, Ca\u2019 Centani fu donata al Comune di Venezia affinch\u00e9 fosse restaurata e destinata a <strong>Museo Goldoniano e Centro di Studi Teatrali<\/strong>. I nuovi eventi bellici rallentarono i lavori di restauro, completati solo nel 1953, anno in cui la Casa di Carlo Goldoni fu aperta al pubblico.<\/p>\n<p class=\"datimuseo\"><strong>Indirizzo:<\/strong> Casa di Carlo Goldoni, San Polo 2794, 30125 Venezia<br \/>\n<strong>Telefono:<\/strong> 041 2759325<br \/>\n<strong>Sito web:<\/strong> <a href=\"https:\/\/carlogoldoni.visitmuve.it\/\" target=\"_blank\" rel=\"noopener\">carlogoldoni.visitmuve.it<\/a><\/p>\n<p><strong>Nei giorni della Su e Zo per i Ponti gli iscritti alla manifestazione possono accedere alla Casa di Carlo Goldoni a Venezia con biglietto ridotto, esibendo il cartellino d\u2019iscrizione Su e Zo per i Ponti all\u2019ingresso. <a href=\"https:\/\/www.suezo.it\/suezo-per-i-musei\" target=\"_blank\" rel=\"noopener\">Maggiori informazioni sulla pagina &#8220;Su e Zo per i Musei&#8221;<\/a>.<\/strong><\/p>\n<hr \/>\n<p><strong><a id=\"scuola-carmini\" href=\"https:\/\/i0.wp.com\/www.suezo.it\/wp-content\/uploads\/2020\/03\/Suezo2017_Itinerario_Culturale_Scuola_Grande_dei_Carmini.jpg?ssl=1\"><img data-recalc-dims=\"1\" loading=\"lazy\" decoding=\"async\" class=\"alignleft size-thumbnail wp-image-6506\" src=\"https:\/\/i0.wp.com\/www.suezo.it\/wp-content\/uploads\/2020\/03\/Suezo2017_Itinerario_Culturale_Scuola_Grande_dei_Carmini.jpg?resize=255%2C255&#038;ssl=1\" alt=\"Suezo2017 - Itinerario Culturale: Scuola Grande dei Carmini a Venezia\" width=\"255\" height=\"255\" \/><\/a>SCUOLA GRANDE DI SANTA MARIA DEI CARMINI<\/strong><\/p>\n<p>La Scuola dei Carmini \u00e8 l&#8217;ultima delle nove Scuole Grandi esistenti a Venezia alla caduta della Repubblica: fu infatti riconosciuta \u00abScola Magna\u00bb dal Consiglio dei Dieci nel 1767. <strong>Venne fondata come confraternita di devozione e di carit\u00e0<\/strong> dedicata a Santa Maria del Monte Carmelo nel 1594 dal bergamasco Bernardino Soardi. La finalit\u00e0 della Scuola, i cui confratelli erano laici e appartenenti alla classe dei cittadini, con l&#8217;esclusione dei nobili e dei religiosi, consisteva nel dare sostegno religioso ed economico ai confratelli, nel dispensare elemosine ai poveri e ai malati e di concorrere ai loro funerali, di fornire di dote le fanciulle per il matrimonio o per la monacazione.<\/p>\n<p>Inizialmente la Scuola aveva la sua modesta sede e un altare nel convento e nella chiesa appartenente ai Carmelitani che sorgevano in campo dei Carmini. Oggi il convento, dopo la soppressione dell&#8217;Ordine ad opera di Napoleone e l&#8217;espropriazione dei beni, \u00e8 diventato la sede dell&#8217;Istituto Statale d&#8217;Arte. La sede della Scuola fu costruita a partire dal 1627 da Francesco Caustello mentre nel 1668 viene dato a<strong> Baldassarre Longhena<\/strong> l\u2019incarico di sistemare le due facciate su campo Santa Margherita e su campo dei Carmini, opera che l\u2019architetto porter\u00e0 a termine nel 1670. Le sale interne della Scuola hanno <strong>conservato per intero l\u2019antico originale arredo<\/strong>, costituito da importanti dipinti ad olio, da ricchi soffitti in stucco e da originali dossali lignei intagliati.<\/p>\n<p>Nella Sala del Capitolo, dove i confratelli si riunivano in assemblea per approvare le proposte avanzate dal Guardian Grande,<strong> Giambattista Tiepolo dipinse tra il 1739 e il 1749 le nove incomparabili tele<\/strong> del soffitto raffiguranti ai vertici la serie delle Virt\u00f9 teologali, cardinali e altri atteggiamenti dello spirito, tutte riferite alla Vergine, angeli e cherubini recanti lo scapolare, il simbolo della devozione, e la mariegola, che contiene le regole della confraternita; al centro il grande dipinto narra de L&#8217;apparizione della Madonna del Carmelo a San Simone Stock mentre gli consegna lo scapolare. Da segnalare inoltre nelle Stanze dell\u2019Archivio e dell\u2019Albergo i capolavori di G.B. Piazzetta (Giuditta e Oloferne) e del Padovanino (L\u2019Assunzione della Vergine).<\/p>\n<p>La Scuola Grande \u00e8 aperta al pubblico: tutte le sale della Scuola sono destinate a visite museali e ospitano manifestazioni religiose e culturali.<\/p>\n<p class=\"datimuseo\"><strong>Indirizzo:<\/strong> Campo Santa Margherita, Dorsoduro 2616 &#8211; 2617<br \/>\n<strong>Telefono:<\/strong> 041 5289420<br \/>\n<strong>Sito web:<\/strong> <a href=\"http:\/\/www.scuolagrandecarmini.it\/\" target=\"_blank\" rel=\"noopener\">www.scuolagrandecarmini.it<\/a><\/p>\n<hr \/>\n<p><strong><a id=\"san-nicolo-mendicoli\" href=\"https:\/\/i0.wp.com\/www.suezo.it\/wp-content\/uploads\/2020\/03\/Suezo2017_Itinerario_Culturale_Chiesa_di_San_Nicolo_dei_Mendicoli.jpg?ssl=1\"><img data-recalc-dims=\"1\" loading=\"lazy\" decoding=\"async\" class=\"alignleft size-thumbnail wp-image-6521\" src=\"https:\/\/i0.wp.com\/www.suezo.it\/wp-content\/uploads\/2020\/03\/Suezo2017_Itinerario_Culturale_Chiesa_di_San_Nicolo_dei_Mendicoli.jpg?resize=255%2C255&#038;ssl=1\" alt=\"Suezo2017 - Itinerario Culturale: Chiesa di San Nicol\u00f2 dei Mendicoli a Venezia\" width=\"255\" height=\"255\" srcset=\"https:\/\/i0.wp.com\/www.suezo.it\/wp-content\/uploads\/2020\/03\/Suezo2017_Itinerario_Culturale_Chiesa_di_San_Nicolo_dei_Mendicoli.jpg?resize=255%2C255&amp;ssl=1 255w, https:\/\/i0.wp.com\/www.suezo.it\/wp-content\/uploads\/2020\/03\/Suezo2017_Itinerario_Culturale_Chiesa_di_San_Nicolo_dei_Mendicoli.jpg?zoom=2&amp;resize=255%2C255&amp;ssl=1 510w, https:\/\/i0.wp.com\/www.suezo.it\/wp-content\/uploads\/2020\/03\/Suezo2017_Itinerario_Culturale_Chiesa_di_San_Nicolo_dei_Mendicoli.jpg?zoom=3&amp;resize=255%2C255&amp;ssl=1 765w\" sizes=\"(max-width: 255px) 100vw, 255px\" \/><\/a>CHIESA DI SAN NICOLO&#8217; DEI MENDICOLI<\/strong><\/p>\n<p><strong>Una delle pi\u00f9 antiche chiese della citt\u00e0<\/strong>, secondo la tradizione sarebbe stata<strong> fondata nel VII secolo<\/strong> sulle fondamenta di un vecchio fortilizio da alcuni rifugiati padovani, in fuga dai barbari. Ricostruita nel XII secolo, \u00e8 tra le poche chiese di Venezia che conserva ancora evidenti tracce dell\u2019architettura veneto-bizantina. Risale al Quattrocento il semplice portico, unico esempio esistente con quello di San Giacomo a Rialto, che per un certo periodo fu adibito a dimora di romite o pinzocchere, povere donne religiose che qui trascorrevano, pregando e digiunando, lunghi periodi di penitenza.<\/p>\n<p>Secondo lo storico veneziano Giuseppe Tassini, la chiesa prese il nome di San Nicol\u00f2 dei Mendicoli perch\u00e9 sorse sopra<strong> un\u2019isoletta appellata Mendigola<\/strong> dalla mendicit\u00e0 degli abitanti, i quali erano per lo pi\u00f9 artigiani e pescatori. Dai primi anni del Trecento gli abitanti di questa contrada appartenevano alla comunit\u00e0 dei Nicolotti, una delle due grandi fazioni rivali \u2013 l\u2019altra era quella dei Castellani \u2013 che si contrapponevano in citt\u00e0. Fino alla caduta della Repubblica, i Nicolotti conservarono una certa autonomia formando una sorta di piccola Repubblica, a capo della quale era un Gastaldo o Doge dei Nicolotti, che veniva eletto a porte chiuse nella chiesa di San Nicol\u00f2 da un\u2019assemblea di parrocchiani, alla presenza di un rappresentante della Signoria.<\/p>\n<p>All\u2019interno della chiesa, separata dal presbiterio dalla<strong> iconostasi bizantina<\/strong>, la navata \u00e8 coperta da decorazioni lignee, da sculture dorate, tele, statue e motivi ornamentali: l\u2019insieme produce un bell\u2019effetto che \u00e8 stato ripreso dalla chiesa dei Carmini. Sopra l\u2019iconostasi un grande Crocefisso ligneo con la Vergine, san Giovanni e due angeli posti lungo la cornice, ai due lati della Croce.<\/p>\n<p>Una curiosit\u00e0 per gli amanti della musica: in questa chiesa fu battezzato e sepolto il compositore Bonaventura Furlanetto, uno degli ultimi maestri di coro dell\u2019Ospedale della Piet\u00e0, antica istituzione sorta per assistenza ma diventata vero e proprio conservatorio dove le ragazze studiavano musica nel Seicento e nel Settecento, e dove insegn\u00f2 anche come maestro di violino Antonio Vivaldi.<\/p>\n<p class=\"datimuseo\">Indirizzo: Chiesa di San Nicol\u00f2 dei Mendicoli, Campo San Nicol\u00f2 dei Mendicoli, 1906-1907<br \/>\nTelefono: 041 2750382<br \/>\nSito web: <a href=\"http:\/\/www.anzolomendicoli.it\/\" target=\"_blank\" rel=\"noopener\">www.anzolomendicoli.it<\/a><\/p>\n<hr \/>\n<p><strong><a id=\"museo-musica\" href=\"https:\/\/i0.wp.com\/www.suezo.it\/wp-content\/uploads\/2020\/03\/Suezo2017_Itinerario_Culturale_Museo_della_Musica_Conservatorio_Benedetto_Marcello.jpg?ssl=1\"><img data-recalc-dims=\"1\" loading=\"lazy\" decoding=\"async\" class=\"size-thumbnail wp-image-6502 alignleft\" src=\"https:\/\/i0.wp.com\/www.suezo.it\/wp-content\/uploads\/2020\/03\/Suezo2017_Itinerario_Culturale_Museo_della_Musica_Conservatorio_Benedetto_Marcello.jpg?resize=255%2C255&#038;ssl=1\" alt=\"Suezo2017 - Itinerario Culturale: Museo della Musica e Conservatorio Benedetto Marcello\" width=\"255\" height=\"255\" \/><\/a>MUSEO DELLA MUSICA DI VENEZIA A PALAZZO PISANI<\/strong><\/p>\n<p>A due passi dal ponte dell&#8217;Accademia, in <strong>Campo Santo Stefano<\/strong>, si trova Palazzo Pisani, il pi\u00f9 imponente palazzo patrizio di tutta la citt\u00e0, appartenuto alla famiglia Pisani, tra le pi\u00f9 ricche del Settecento veneziano. La costruzione del palazzo \u00e8 del 1614, poi nel \u2018700 viene ampliato verso il Canal Grande con l\u2019aggiunta del secondo piano nobile. Dal 1940 \u00e8 sede esclusiva del <strong>Conservatorio di Musica della citt\u00e0, intitolato a Benedetto Marcello.<\/strong><\/p>\n<p>In alcuni tra i pi\u00f9 pregevoli ambienti del palazzo, che furono sede dell&#8217;appartamento nuziale di Alvise Pisani, \u00e8 stato di recente inaugurato un <strong>Museo della Musica<\/strong> che raccoglie una settantina di strumenti musicali, tra cordofoni e aerofoni, risalenti a diverse epoche, di produzione veneziana ma anche provenienti da altre realt\u00e0 nazionali ed europee. Spiccano alcuni esemplari di pregio, come una spinetta datata tra il Cinquecento e il Seicento e un chitarrone della fine del Cinquecento, i pezzi pi\u00f9 antichi della raccolta, e poi ancora un corno naturale della met\u00e0 del Seicento e una viola d&#8217;amore settecentesca attribuita al raffinato liutaio Santo Serafin. <strong>Si contano anche preziosi cimeli<\/strong> &#8211; un busto di Giuseppe Verdi, la bacchetta e il leggio dell&#8217;ultimo concerto di Richard Wagner, uno dei suoi inconfondibili berretti &#8211; quadri, fotografie d\u2019epoca e documenti autografi.<\/p>\n<p>Nel corso del restauro degli ambienti dove trova spazio l\u2019esposizione permanente, grazie all\u2019accurata pulitura delle decorazioni murarie, degli stucchi e dei basso rilievi, \u00e8 emersa una fitta simbologia alchemico-massonica che, diversamente da quanto si ritenesse in precedenza, permette di individuare, proprio in una delle stanze adiacenti al museo, la struttura architettonica di un tempio massonico.<\/p>\n<p class=\"datimuseo\"><strong>Indirizzo:<\/strong> Conservatorio Benedetto Marcello di Venezia, Campiello Pisani 2810, San Marco<br \/>\n<strong>Telefono:<\/strong> 041 5225604 \u2013 5236561<br \/>\n<strong>Sito web:<\/strong> <a href=\"http:\/\/www.conservatoriovenezia.net\/\" target=\"_blank\" rel=\"noopener\">www.conservatoriovenezia.net<\/a><\/p>\n<hr \/>\n<p><strong><a id=\"traghetto-san-toma\" href=\"https:\/\/i0.wp.com\/www.suezo.it\/wp-content\/uploads\/2020\/03\/Suezo2017_Itinerario_Culturale_gondola_traghetto_San_Toma.jpg?ssl=1\"><img data-recalc-dims=\"1\" loading=\"lazy\" decoding=\"async\" class=\"alignleft size-thumbnail wp-image-6524\" src=\"https:\/\/i0.wp.com\/www.suezo.it\/wp-content\/uploads\/2020\/03\/Suezo2017_Itinerario_Culturale_gondola_traghetto_San_Toma.jpg?resize=255%2C255&#038;ssl=1\" alt=\"Suezo2017 - Itinerario Culturale: l'imbarcadero della gondola-traghetto a San Tom\u00e0\" width=\"255\" height=\"255\" srcset=\"https:\/\/i0.wp.com\/www.suezo.it\/wp-content\/uploads\/2020\/03\/Suezo2017_Itinerario_Culturale_gondola_traghetto_San_Toma.jpg?resize=255%2C255&amp;ssl=1 255w, https:\/\/i0.wp.com\/www.suezo.it\/wp-content\/uploads\/2020\/03\/Suezo2017_Itinerario_Culturale_gondola_traghetto_San_Toma.jpg?zoom=2&amp;resize=255%2C255&amp;ssl=1 510w, https:\/\/i0.wp.com\/www.suezo.it\/wp-content\/uploads\/2020\/03\/Suezo2017_Itinerario_Culturale_gondola_traghetto_San_Toma.jpg?zoom=3&amp;resize=255%2C255&amp;ssl=1 765w\" sizes=\"(max-width: 255px) 100vw, 255px\" \/><\/a>GONDOLA TRAGHETTO SUL CANAL GRANDE DA SANT\u2019ANGELO A SAN TOM\u00c0<\/strong><\/p>\n<p>Una volta a Venezia c&#8217;erano molti meno ponti di adesso, e <strong>per passare da una riva all&#8217;altra di rii e canali si montava in barca<\/strong>. Quei primi barcaioli hanno inventato di fatto il trasporto pubblico urbano: il <em>traghetto<\/em> &#8211; era chiamata cos\u00ec l&#8217;imbarcazione &#8211; trasportava le persone (o le cose) su un percorso prefissato, era insomma un vero e proprio servizio di linea. Le barche da traghetto avevano infatti orari e tariffe ben definite ed erano a disposizione di chiunque ne facesse richiesta.<\/p>\n<p>I traghetti <em>da parada<\/em> sono stati per secoli il <strong>principale mezzo per attraversare il Canal Grande<\/strong> e passare pi\u00f9 velocemente da una parte all\u2019altra della citt\u00e0, tanto che oggi salire sulla barca adibita a traghetto per raggiungere la sponda opposta del <em>Canalazzo<\/em> \u2013 cos\u00ec i Veneziani chiamano il pi\u00f9 importante corso della citt\u00e0 \u2013 \u00e8 come fare un viaggio nel tempo di centinaia di anni.<\/p>\n<p>I traghetti oggi funzionanti che permettono di evitare uno dei quattro ponti sul Canal Grande sono in<strong> tre punti strategici: a San Tom\u00e0, a Santa Sofia e a Santa Maria del Giglio<\/strong>. Il traghetto di San Tom\u00e0 \u00e8 senza dubbio il punto di attraversamento pi\u00f9 frequentato della citt\u00e0, e dimezza il tragitto tra l\u2019area di San Marco e la stazione ferroviaria. Questo servizio di trasporto pubblico si serve di un tipo d\u2019imbarcazione un po&#8217; pi\u00f9 grande rispetto alla gondola <em>da nolo<\/em> (detta cos\u00ec perch\u00e9 viene, in pratica, noleggiata), ossia quella destinata al tour della citt\u00e0, ai freschi notturni, alle serenate.<\/p>\n<p>In realt\u00e0 il traghetto non \u00e8 propriamente una gondola ma una <em>barchetta<\/em>, che, sebbene <strong>molto simile alla gondola<\/strong>, \u00e8 pi\u00f9 tozza e capiente, e ha un&#8217;origine diversa. Proviene da una famiglia di barche utilizzate per il trasporto promiscuo di cose e persone e tra Otto e Novecento \u00e8 l&#8217;imbarcazione specializzata nel trasporto di infermi: una sorta di ambulanza ante-litteram. Quando, negli anni Cinquanta, questo servizio viene interamente affidato alle barche a motore, rimangono ancora alcuni vecchi esemplari di &#8220;ambulanze&#8221; a remi, le barchette appunto, che dal 1953 sostituiscono le gondole da nolo per il servizio di traghetto proprio perch\u00e9 <strong>possono portare 14 passeggeri anzich\u00e9 6<\/strong>.<\/p>\n<p class=\"datimuseo\">Indirizzo: Calle del Traghetto, San Marco &#8211; Fondamenta del Traghetto, San Polo<br \/>\nSito web: <a href=\"http:\/\/www.veneziaunica.it\/it\/content\/informazioni-pratiche#gondola\">www.veneziaunica.it<\/a><\/p>\n<hr \/>\n<p><strong><a id=\"palazzo-grimani\" href=\"https:\/\/i0.wp.com\/www.suezo.it\/wp-content\/uploads\/2020\/03\/Suezo2017_Itinerario_Culturale_Palazzo_Grimani.jpg?ssl=1\"><img data-recalc-dims=\"1\" loading=\"lazy\" decoding=\"async\" class=\"alignleft size-thumbnail wp-image-6527\" src=\"https:\/\/i0.wp.com\/www.suezo.it\/wp-content\/uploads\/2020\/03\/Suezo2017_Itinerario_Culturale_Palazzo_Grimani.jpg?resize=255%2C255&#038;ssl=1\" alt=\"Suezo2017 - Itinerario Culturale: Palazzo Grimani a Santa Maria Formosa a Venezia\" width=\"255\" height=\"255\" srcset=\"https:\/\/i0.wp.com\/www.suezo.it\/wp-content\/uploads\/2020\/03\/Suezo2017_Itinerario_Culturale_Palazzo_Grimani.jpg?resize=255%2C255&amp;ssl=1 255w, https:\/\/i0.wp.com\/www.suezo.it\/wp-content\/uploads\/2020\/03\/Suezo2017_Itinerario_Culturale_Palazzo_Grimani.jpg?zoom=2&amp;resize=255%2C255&amp;ssl=1 510w, https:\/\/i0.wp.com\/www.suezo.it\/wp-content\/uploads\/2020\/03\/Suezo2017_Itinerario_Culturale_Palazzo_Grimani.jpg?zoom=3&amp;resize=255%2C255&amp;ssl=1 765w\" sizes=\"(max-width: 255px) 100vw, 255px\" \/><\/a>PALAZZO GRIMANI<\/strong><\/p>\n<p>Una casa museo famosa per le sue meraviglie in tutta Europa e imperdibile tappa del Grand Tour: ancora oggi Palazzo Grimani, nascosto all\u2019interno di Ruga Giuffa, a due passi da Santa Maria Formosa, \u00e8<strong> uno dei pi\u00f9 sorprendenti e insoliti musei di Venezia<\/strong>.<\/p>\n<p>Il doge Antonio Grimani, agli inizi del Cinquecento, dona ai figli la casa da stazio: il complesso verr\u00e0 poi completato grazie al nipote Giovanni, patriarca di Aquileia, e a suo fratello Vettore, procuratore di San Marco. \u00c8 probabile che gli stessi eredi Grimani siano intervenuti nella progettazione e nella decorazione del palazzo.<strong> L\u2019architettura fonde elementi tosco-romani con l\u2019ambiente veneziano<\/strong>: particolarmente suggestivi la Tribuna &#8211; gi\u00e0 sede della raccolta archeologica di Giovanni, una delle pi\u00f9 ricche e celebri collezioni rinascimentali di antichit\u00e0, donata alla citt\u00e0 e ora esposta al Museo Archeologico Nazionale di Venezia -, l\u2019ampio cortile, unico a Venezia, dallo stile ispirato alle antiche <em>domus<\/em> romane e al clima culturale del Rinascimento, e la celebre scala monumentale, che poteva competere per magnificenza con la Scala d\u2019Oro di Palazzo Ducale e con quella della Libreria Marciana. Addentrandosi nel palazzo, ci si immerge in<strong> sale dalle straordinarie decorazioni pittoriche<\/strong>,<em> trompe l\u2019oeil<\/em>, marmi, stucchi e affreschi. Su tutte, la <strong>Sala a Fogliami, un ambiente sorprendente dove si ha l&#8217;impressione di essere in un giardino verd<\/strong>e: il soffitto \u00e8 interamente ricoperto di fogliame, piante, fiori e innumerevoli uccelli e altri animali. Si riconoscono anche specie da poco scoperte provenienti dal Nuovo Mondo, come il tabacco e il mais.<\/p>\n<p class=\"datimuseo\">Indirizzo: Museo di Palazzo Grimani, Ramo Grimani, Castello 4858, 30122 Venezia<br \/>\nTELEFONO: Museo: +39 041 2411507; Info e prenotazioni: +39 041 5200345.<br \/>\nSITO WEB: <a href=\"https:\/\/polomusealeveneto.beniculturali.it\/musei\/museo-di-palazzo-grimani\" target=\"_blank\" rel=\"noopener\">polomusealeveneto.beniculturali.it<\/a><\/p>\n<hr \/>\n<p><em><strong>Tutti gli itinerari di #Detourism<\/strong> per scoprire una Venezia diversa fanno parte della <strong>campagna di sensibilizzazione #EnjoyRespectVenezia<\/strong>, promossa dalla Citt\u00e0 di Venezia per orientare i visitatori verso l&#8217;adozione di comportamenti consapevoli e rispettosi del patrimonio culturale e naturale di Venezia, sito UNESCO bene di tutta l&#8217;umanit\u00e0.<\/em><\/p>\n<p class=\"datimuseo\">Servizio Turismo Sostenibile della Citt\u00e0 di Venezia:<br \/>\n<a href=\"http:\/\/www.comune.venezia.it\/it\/EnjoyRespectVenezia\" target=\"_blank\" rel=\"noopener\">www.comune.venezia.it\/it\/EnjoyRespectVenezia<\/a><br \/>\n<a href=\"http:\/\/www.veneziaunica.it\/it\/content\/detourism-venezia\" target=\"_blank\" rel=\"noopener\">www.veneziaunica.it\/it\/content\/detourism-venezia<\/a><br \/>\n<a href=\"mailto:turismosostenibile@comune.venezia.it\">turismosostenibile@comune.venezia.it<\/a><br \/>\nFacebook: <a href=\"https:\/\/it-it.facebook.com\/DetourismVeneziaOfficial\/\" target=\"_blank\" rel=\"noopener\">@DetourismVeneziaOfficial<\/a><br \/>\nInstagram: <a href=\"https:\/\/www.instagram.com\/detourismvenezia\/\" target=\"_blank\" rel=\"noopener\">@Detourismvenezia<\/a><br \/>\nTwitter: <a href=\"https:\/\/twitter.com\/detourismvenice\" target=\"_blank\" rel=\"noopener\">@DetourismVenice<\/a><\/p>\n<hr \/>\n<p class=\"photocredits\"><strong>Photo credits:<\/strong><br \/>\nConservatorio Benedetto Marcello: <a href=\"#museo-musica\">Museo della Musica di Venezia a Palazzo Pisani<\/a>;<br \/>\nDidier Descouens \/ Wikimedia: <a href=\"#scuola-carmini\">Scuola Grande dei Carmini<\/a>, <a href=\"#scuola-dalmata\">Scuola Dalmata<\/a>, <a href=\"#san-nicolo-mendicoli\">San Nicol\u00f2 dei Mendicoli<\/a>,<br \/>\nAlfonso Bussolin: <a href=\"#fontana-san-giacomo\">Fontana di San Giacomo de l&#8217;Orio<\/a>;<br \/>\ncarmeloveneto.it: <a href=\"#giardino-carmelitani\">Giardino dei Carmelitani<\/a>;<br \/>\nSaiko \/ Wikimedia: <a href=\"#casa-goldoni\">Casa Goldoni<\/a>;<br \/>\nJean-Pierre Dalb\u00e9ra \/ Wikimedia: <a href=\"#palazzetto-bru-zane\">Palazzetto Bru Zane<\/a>, <a href=\"#palazzo-grimani\">Palazzo Grimani<\/a>;<br \/>\nSara Rossi: <a href=\"#traghetto-san-toma\">Gondola di San Tom\u00e0<\/a>;<br \/>\nPaolo Steffan \/ Wikimedia: <a href=\"#palazzo-soranzo-cappello\">Palazzo Soranzo Cappello<\/a>;<br \/>\nDavide Calimani \/ Coopculture: <a href=\"#sinagoghe-ghetto\">Campo del Ghetto<\/a>.<\/p>\n<hr \/>\n<h3 class=\"anniprecedenti\">Scopri tutti gli itinerari culturali della \u201cSu e Zo per i Ponti\u201d:<br \/>\n<a id=\"annoitinerario\" href=\"https:\/\/www.suezo.it\/itinerario-culturale\/itinerario-culturale-2017\"><img data-recalc-dims=\"1\" loading=\"lazy\" decoding=\"async\" class=\"alignnone size-full wp-image-6553\" src=\"https:\/\/i0.wp.com\/www.suezo.it\/wp-content\/uploads\/2020\/03\/ItinerarioCulturale2017_small_yellow.gif?resize=80%2C35&#038;ssl=1\" alt=\"Su e Zo per i Ponti - Itinerario Culturale 2017\" width=\"80\" height=\"35\" \/><\/a> <a id=\"annoitinerario\" href=\"https:\/\/www.suezo.it\/itinerario-culturale\/itinerario-culturale-2018\"><img data-recalc-dims=\"1\" loading=\"lazy\" decoding=\"async\" class=\"inattiva alignnone size-full wp-image-6555\" src=\"https:\/\/i0.wp.com\/www.suezo.it\/wp-content\/uploads\/2020\/03\/ItinerarioCulturale2018_small_blue.gif?resize=80%2C35&#038;ssl=1\" alt=\"Su e Zo per i Ponti - Itinerario Culturale 2018\" width=\"80\" height=\"35\" \/><img data-recalc-dims=\"1\" loading=\"lazy\" decoding=\"async\" class=\"attiva alignnone size-full wp-image-6555\" src=\"https:\/\/i0.wp.com\/www.suezo.it\/wp-content\/uploads\/2020\/03\/ItinerarioCulturale2018_small_yellow.gif?resize=80%2C35&#038;ssl=1\" alt=\"Su e Zo per i Ponti - Itinerario Culturale 2018\" width=\"80\" height=\"35\" \/><\/a> <a id=\"annoitinerario\" href=\"https:\/\/www.suezo.it\/itinerario-culturale\/itinerario-culturale-2019\"><img data-recalc-dims=\"1\" loading=\"lazy\" decoding=\"async\" class=\"inattiva alignnone size-full wp-image-6558\" src=\"https:\/\/i0.wp.com\/www.suezo.it\/wp-content\/uploads\/2020\/03\/ItinerarioCulturale2019_small_blue.gif?resize=80%2C35&#038;ssl=1\" alt=\"Su e Zo per i Ponti - Itinerario Culturale 2019\" width=\"80\" height=\"35\" \/><img data-recalc-dims=\"1\" loading=\"lazy\" decoding=\"async\" class=\"attiva alignnone size-full wp-image-6558\" src=\"https:\/\/i0.wp.com\/www.suezo.it\/wp-content\/uploads\/2020\/03\/ItinerarioCulturale2019_small_yellow.gif?resize=80%2C35&#038;ssl=1\" alt=\"Su e Zo per i Ponti - Itinerario Culturale 2019\" width=\"80\" height=\"35\" \/><\/a> <a id=\"annoitinerario\" href=\"https:\/\/www.suezo.it\/itinerario-culturale\/itinerario-culturale-2022\"><img data-recalc-dims=\"1\" loading=\"lazy\" decoding=\"async\" class=\"inattiva alignnone size-full wp-image-6559\" src=\"https:\/\/i0.wp.com\/www.suezo.it\/wp-content\/uploads\/2022\/04\/ItinerarioCulturale2022_small_blue.gif?resize=80%2C35&#038;ssl=1\" alt=\"Su e Zo per i Ponti - Itinerario Culturale 2022\" width=\"80\" height=\"35\" \/><img data-recalc-dims=\"1\" loading=\"lazy\" decoding=\"async\" class=\"attiva alignnone size-full wp-image-6559\" src=\"https:\/\/i0.wp.com\/www.suezo.it\/wp-content\/uploads\/2022\/04\/ItinerarioCulturale2022_small_yellow.gif?resize=80%2C35&#038;ssl=1\" alt=\"Su e Zo per i Ponti - Itinerario Culturale 2022\" width=\"80\" height=\"35\" \/><\/a> <a id=\"annoitinerario\" href=\"https:\/\/www.suezo.it\/itinerario-culturale\/itinerario-culturale-2023\"><img data-recalc-dims=\"1\" loading=\"lazy\" decoding=\"async\" class=\"inattiva alignnone size-full wp-image-6558\" src=\"https:\/\/i0.wp.com\/www.suezo.it\/wp-content\/uploads\/2023\/03\/ItinerarioCulturale2023_small_blue.gif?resize=80%2C35&#038;ssl=1\" alt=\"Su e Zo per i Ponti - Itinerario Culturale 2023\" width=\"80\" height=\"35\" \/><img data-recalc-dims=\"1\" loading=\"lazy\" decoding=\"async\" class=\"attiva alignnone size-full wp-image-6558\" src=\"https:\/\/i0.wp.com\/www.suezo.it\/wp-content\/uploads\/2023\/03\/ItinerarioCulturale2023_small_yellow.gif?resize=80%2C35&#038;ssl=1\" alt=\"Su e Zo per i Ponti - Itinerario Culturale 2023\" width=\"80\" height=\"35\" \/><\/a> <a id=\"annoitinerario\" href=\"https:\/\/www.suezo.it\/itinerario-culturale\/itinerario-culturale-2024\"><img data-recalc-dims=\"1\" loading=\"lazy\" decoding=\"async\" class=\"inattiva alignnone size-full wp-image-6558\" src=\"https:\/\/i0.wp.com\/www.suezo.it\/wp-content\/uploads\/2024\/03\/ItinerarioCulturale2024_small_blue.gif?resize=80%2C35&#038;ssl=1\" alt=\"Su e Zo per i Ponti - Itinerario Culturale 2024\" width=\"80\" height=\"35\" \/><img data-recalc-dims=\"1\" loading=\"lazy\" decoding=\"async\" class=\"attiva alignnone size-full wp-image-6558\" src=\"https:\/\/i0.wp.com\/www.suezo.it\/wp-content\/uploads\/2024\/03\/ItinerarioCulturale2024_small_yellow.gif?resize=80%2C35&#038;ssl=1\" alt=\"Su e Zo per i Ponti - Itinerario Culturale 2024\" width=\"80\" height=\"35\" \/><\/a> <a id=\"annoitinerario\" href=\"https:\/\/www.suezo.it\/itinerario-culturale\"><img data-recalc-dims=\"1\" loading=\"lazy\" decoding=\"async\" class=\"inattiva alignnone size-full wp-image-6559\" src=\"https:\/\/i0.wp.com\/www.suezo.it\/wp-content\/uploads\/2025\/02\/ItinerarioCulturale2025_small_blue.gif?resize=80%2C35&#038;ssl=1\" alt=\"Su e Zo per i Ponti - Itinerario Culturale 2025\" width=\"80\" height=\"35\" \/><img data-recalc-dims=\"1\" loading=\"lazy\" decoding=\"async\" class=\"attiva alignnone size-full wp-image-6559\" src=\"https:\/\/i0.wp.com\/www.suezo.it\/wp-content\/uploads\/2025\/02\/ItinerarioCulturale2025_small_yellow.gif?resize=80%2C35&#038;ssl=1\" alt=\"Su e Zo per i Ponti - Itinerario Culturale 2025\" width=\"80\" height=\"35\" \/><\/a><\/h3>\n<hr \/>\n","protected":false},"excerpt":{"rendered":"<p>Itinerario culturale &#8220;Su e Zo per i Ponti&#8221; 2017 Deviazioni di percorso a cura del Servizio Turismo Sostenibile della Citt\u00e0 di Venezia Introduzione &#8211; Mappa &#8211; Punti di interesse Il 2017 \u00e8 l\u2019Anno Internazionale del Turismo Sostenibile per lo Sviluppo, &hellip; <a href=\"https:\/\/www.suezo.it\/en\/itinerario-culturale\/itinerario-culturale-2017\">Continue reading <span class=\"meta-nav\">&rarr;<\/span><\/a><\/p>\n","protected":false},"author":9,"featured_media":0,"parent":164,"menu_order":0,"comment_status":"closed","ping_status":"closed","template":"","meta":{"jetpack_post_was_ever_published":false,"footnotes":""},"class_list":["post-6493","page","type-page","status-publish","hentry"],"aioseo_notices":[],"jetpack_shortlink":"https:\/\/wp.me\/P50lBT-1GJ","jetpack_sharing_enabled":true,"_links":{"self":[{"href":"https:\/\/www.suezo.it\/en\/wp-json\/wp\/v2\/pages\/6493"}],"collection":[{"href":"https:\/\/www.suezo.it\/en\/wp-json\/wp\/v2\/pages"}],"about":[{"href":"https:\/\/www.suezo.it\/en\/wp-json\/wp\/v2\/types\/page"}],"author":[{"embeddable":true,"href":"https:\/\/www.suezo.it\/en\/wp-json\/wp\/v2\/users\/9"}],"replies":[{"embeddable":true,"href":"https:\/\/www.suezo.it\/en\/wp-json\/wp\/v2\/comments?post=6493"}],"version-history":[{"count":47,"href":"https:\/\/www.suezo.it\/en\/wp-json\/wp\/v2\/pages\/6493\/revisions"}],"predecessor-version":[{"id":11079,"href":"https:\/\/www.suezo.it\/en\/wp-json\/wp\/v2\/pages\/6493\/revisions\/11079"}],"up":[{"embeddable":true,"href":"https:\/\/www.suezo.it\/en\/wp-json\/wp\/v2\/pages\/164"}],"wp:attachment":[{"href":"https:\/\/www.suezo.it\/en\/wp-json\/wp\/v2\/media?parent=6493"}],"curies":[{"name":"wp","href":"https:\/\/api.w.org\/{rel}","templated":true}]}}